{"id":14,"date":"2016-07-29T10:43:24","date_gmt":"2016-07-29T13:43:24","guid":{"rendered":"https:\/\/comissoes.uepb.edu.br\/cpa\/?page_id=14"},"modified":"2025-09-19T11:41:46","modified_gmt":"2025-09-19T14:41:46","slug":"composicao","status":"publish","type":"page","link":"https:\/\/comissoes.uepb.edu.br\/cpa\/composicao\/","title":{"rendered":"Composi\u00e7\u00e3o de Membros"},"content":{"rendered":"<p><strong>Comiss\u00e3o Pr\u00f3pria de Avalia\u00e7\u00e3o da UEPB\u00a0<\/strong><\/p>\n<p>RESOLU\u00c7\u00c3O\/UEPB\/CONSUNI\/0213\/2017<\/p>\n<p>Art. 5\u00ba &#8211; A CPA da UEPB ser\u00e1 constitu\u00edda pelos membros a seguir, com seus\u00a0respectivos suplentes, vedada a maioria absoluta de um dos segmentos,\u00a0conforme previsto no art. 11, I da lei 10.861\/2004 (SINAES).<br \/>\nI \u2013 Um Coordenador (professor ou t\u00e9cnico efetivo da UEPB);<br \/>\nII \u2013 Um Coordenador Adjunto (professor ou t\u00e9cnico efetivo da UEPB, lotado em um\u00a0Centro diferente do Centro do coordenador);<br \/>\nIII \u2013 Um representante de cada um dos Centros Universit\u00e1rios da UEPB, entre professores\u00a0e t\u00e9cnicos administrativos \u2013 exclu\u00eddos os Centos onde estejam lotados o coordenador e o\u00a0coordenador adjunto da CPA;<br \/>\nIV \u2013 Uma (um) secret\u00e1ria(o) da CPA;<br \/>\nV &#8211; Dois estudantes de cursos de gradua\u00e7\u00e3o da UEPB que tenham expectativa de\u00a0permanecerem na universidade por no m\u00ednimo mais dois anos;<br \/>\nVI \u2013 Um representante da comunidade externa \u00e0 UEPB;<br \/>\nVII \u2013 O (a) Procurador (a) Institucional da UEPB, como membro nato;<br \/>\nVIII \u2013 Um representante do corpo T\u00e9cnico Administrativo;<br \/>\nIX \u2013 Um representante do corpo Docente.<\/p>\n<p>Par\u00e1grafo \u00fanico \u2013 Dentre os representantes dos Centros Universit\u00e1rios devem constar pelo menos dois t\u00e9cnicos administrativos.<\/p>\n<p>&nbsp;<\/p>\n<p style=\"text-align: center\"><strong>Comiss\u00e3o designada conforme PORTARIA\/UEPB\/GR\/0494\/2025, <\/strong><strong>com vig\u00eancia at\u00e9 09\/05\/2027, publicada no D.O.E\/PB<br \/>\nem 10\/05\/2025<\/strong><\/p>\n<table>\n<tbody>\n<tr>\n<td width=\"566\"><strong>COORDENADORA: <\/strong>Ruth Brito de Figueiredo Melo<\/td>\n<\/tr>\n<tr>\n<td width=\"566\"><strong>COORDENADOR ADJUNTO<\/strong>: Rosemberg Gomes Trindade da Silva<\/td>\n<\/tr>\n<\/tbody>\n<\/table>\n<p>&nbsp;<\/p>\n<p style=\"text-align: center\"><strong>COMPOSI\u00c7\u00c3O DE MEMBROS \u2013 CPA (vig\u00eancia at\u00e9 09\/05\/2027)<\/strong><\/p>\n<p><a href=\"https:\/\/comissoes.uepb.edu.br\/cpa\/download\/portaria-de-membros-da-cpa-2025\/\" target=\"_blank\" rel=\"noopener\">Portaria de Membros da CPA (2025)<\/a><\/p>\n<p><a href=\"https:\/\/comissoes.uepb.edu.br\/cpa\/download\/composicao-subcomisoes-setorias-portaria-2025\/\" target=\"_blank\" rel=\"noopener\">Portaria de Membros das Subcomiss\u00f5es Setoriais (2025)<br \/>\n<\/a><\/p>\n<p data-start=\"213\" data-end=\"399\">A seguir, apresentamos a composi\u00e7\u00e3o atualizada da Comiss\u00e3o Pr\u00f3pria de Avalia\u00e7\u00e3o (CPA) da Universidade Estadual da Para\u00edba (UEPB), organizada por campus e representa\u00e7\u00f5es institucionais.<\/p>\n<ul data-start=\"401\" data-end=\"2107\">\n<li data-start=\"401\" data-end=\"496\">\n<p data-start=\"403\" data-end=\"496\"><strong data-start=\"403\" data-end=\"422\">CCBS \u2013 C\u00e2mpus I<\/strong><br data-start=\"422\" data-end=\"425\" \/>Titular: Paulo Cesar Dantas da Silva<br data-start=\"463\" data-end=\"466\" \/>Suplente: Zilka Nanes Lima<\/p>\n<\/li>\n<li data-start=\"498\" data-end=\"599\">\n<p data-start=\"500\" data-end=\"599\"><strong data-start=\"500\" data-end=\"519\">CCSA \u2013 C\u00e2mpus I<\/strong><br data-start=\"519\" data-end=\"522\" \/>Titular: Risolene Alves de Macena Ara\u00fajo<br data-start=\"564\" data-end=\"567\" \/>Suplente: Janayna Souto Leal<\/p>\n<\/li>\n<li data-start=\"601\" data-end=\"658\">\n<p data-start=\"603\" data-end=\"658\"><strong data-start=\"603\" data-end=\"621\">CCJ \u2013 C\u00e2mpus I<\/strong><br data-start=\"621\" data-end=\"624\" \/>Titular: Jaime de Souza Coelho<\/p>\n<\/li>\n<li data-start=\"660\" data-end=\"728\">\n<p data-start=\"662\" data-end=\"728\"><strong data-start=\"662\" data-end=\"680\">CCT \u2013 C\u00e2mpus I<\/strong><br data-start=\"680\" data-end=\"683\" \/>Titular: Ruth Brito (Coordenadora da CPA)<\/p>\n<\/li>\n<li data-start=\"730\" data-end=\"846\">\n<p data-start=\"732\" data-end=\"846\"><strong data-start=\"732\" data-end=\"752\">CEDUC \u2013 C\u00e2mpus I<\/strong><br data-start=\"752\" data-end=\"755\" \/>Titular: Geovanildo Nunes de Oliveira<br data-start=\"794\" data-end=\"797\" \/>Suplente: Lucielma de Oliveira B. M. de Moura<\/p>\n<\/li>\n<li data-start=\"848\" data-end=\"951\">\n<p data-start=\"850\" data-end=\"951\"><strong data-start=\"850\" data-end=\"870\">FALLA \u2013 C\u00e2mpus I<\/strong><br data-start=\"870\" data-end=\"873\" \/>Titular: Patr\u00edcia Silva de Medeiros<br data-start=\"910\" data-end=\"913\" \/>Suplente: Felipe Pereira Rodrigues<\/p>\n<\/li>\n<li data-start=\"953\" data-end=\"1056\">\n<p data-start=\"955\" data-end=\"1056\"><strong data-start=\"955\" data-end=\"975\">CCAA \u2013 C\u00e2mpus II<\/strong><br data-start=\"975\" data-end=\"978\" \/>Titular: Leandro Oliveira de Andrade<br data-start=\"1016\" data-end=\"1019\" \/>Suplente: Erinaldo Dias de Amorim<\/p>\n<\/li>\n<li data-start=\"1058\" data-end=\"1168\">\n<p data-start=\"1060\" data-end=\"1168\"><strong data-start=\"1060\" data-end=\"1079\">CH \u2013 C\u00e2mpus III<\/strong><br data-start=\"1079\" data-end=\"1082\" \/>Titular: Leandro Paiva do Monte Rodrigues<br data-start=\"1125\" data-end=\"1128\" \/>Suplente: Jardiel Pereira de Freitas<\/p>\n<\/li>\n<li data-start=\"1170\" data-end=\"1272\">\n<p data-start=\"1172\" data-end=\"1272\"><strong data-start=\"1172\" data-end=\"1192\">CCHA \u2013 C\u00e2mpus IV<\/strong><br data-start=\"1192\" data-end=\"1195\" \/>Titular: Keila Lairiny C\u00e2mara Xavier<br data-start=\"1233\" data-end=\"1236\" \/>Suplente: Lays Klecia Silva Lins<\/p>\n<\/li>\n<li data-start=\"1274\" data-end=\"1379\">\n<p data-start=\"1276\" data-end=\"1379\"><strong data-start=\"1276\" data-end=\"1296\">CCBSA \u2013 C\u00e2mpus V<\/strong><br data-start=\"1296\" data-end=\"1299\" \/>Titular: Cristiane Gomes da Silva<br data-start=\"1334\" data-end=\"1337\" \/>Suplente: Michelle de Oliveira Pedrosa<\/p>\n<\/li>\n<li data-start=\"1381\" data-end=\"1497\">\n<p data-start=\"1383\" data-end=\"1497\"><strong data-start=\"1383\" data-end=\"1403\">CCHE \u2013 C\u00e2mpus VI<\/strong><br data-start=\"1403\" data-end=\"1406\" \/>Titular: Ilcleidente Pereira de Freitas<br data-start=\"1447\" data-end=\"1450\" \/>Suplente: Bruno Henrique Bezerra de Freitas<\/p>\n<\/li>\n<li data-start=\"1499\" data-end=\"1604\">\n<p data-start=\"1501\" data-end=\"1604\"><strong data-start=\"1501\" data-end=\"1522\">CCEA \u2013 C\u00e2mpus VII<\/strong><br data-start=\"1522\" data-end=\"1525\" \/>Titular: Luiz da Costa Alves Filho<br data-start=\"1561\" data-end=\"1564\" \/>Suplente: Rodrigo Roberto de Almeida<\/p>\n<\/li>\n<li data-start=\"1606\" data-end=\"1720\">\n<p data-start=\"1608\" data-end=\"1720\"><strong data-start=\"1608\" data-end=\"1630\">CCTS \u2013 C\u00e2mpus VIII<\/strong><br data-start=\"1630\" data-end=\"1633\" \/>Titular: Lucas Marques da Silva<br data-start=\"1666\" data-end=\"1669\" \/>Suplente: Loredanna Melyssa Costa S. de Almeida<\/p>\n<\/li>\n<li data-start=\"1722\" data-end=\"1795\">\n<p data-start=\"1724\" data-end=\"1795\"><strong data-start=\"1724\" data-end=\"1754\">Procuradoria Institucional<\/strong><br data-start=\"1754\" data-end=\"1757\" \/>Titular: Neuraci Silva de Oliveira<\/p>\n<\/li>\n<li data-start=\"1797\" data-end=\"1875\">\n<p data-start=\"1799\" data-end=\"1875\"><strong data-start=\"1799\" data-end=\"1829\">Representa\u00e7\u00e3o dos T\u00e9cnicos<\/strong><br data-start=\"1829\" data-end=\"1832\" \/>Titular: Aluska Tatiane Cabral Oliveira<\/p>\n<\/li>\n<li data-start=\"1877\" data-end=\"1993\">\n<p data-start=\"1879\" data-end=\"1993\"><strong data-start=\"1879\" data-end=\"1909\">Representa\u00e7\u00e3o dos Docentes<\/strong><br data-start=\"1909\" data-end=\"1912\" \/>Titular: Roberta Rosa Portugal<br data-start=\"1944\" data-end=\"1947\" \/>Suplente: Arlandson Matheus Silva Oliveira<\/p>\n<\/li>\n<li data-start=\"1995\" data-end=\"2107\">\n<p data-start=\"1997\" data-end=\"2107\"><strong data-start=\"1997\" data-end=\"2025\">Representa\u00e7\u00e3o Estudantil<\/strong><br data-start=\"2025\" data-end=\"2028\" \/>Titular: Rodrigo Rodrigues de Fran\u00e7a<br data-start=\"2066\" data-end=\"2069\" \/>Suplente: Willian Ferreira de Lima<\/p>\n<\/li>\n<\/ul>\n","protected":false},"excerpt":{"rendered":"<p>Comiss\u00e3o Pr\u00f3pria de Avalia\u00e7\u00e3o da UEPB\u00a0 RESOLU\u00c7\u00c3O\/UEPB\/CONSUNI\/0213\/2017 Art. 5\u00ba &#8211; A CPA da UEPB ser\u00e1 constitu\u00edda pelos membros a seguir, com seus\u00a0respectivos suplentes, vedada a maioria absoluta de um dos segmentos,\u00a0conforme previsto no art. 11, I da lei 10.861\/2004 (SINAES). I \u2013 Um Coordenador (professor ou t\u00e9cnico efetivo da UEPB); II \u2013 Um Coordenador Adjunto <a class=\"leiamais\" href=\"https:\/\/comissoes.uepb.edu.br\/cpa\/composicao\/\">Leia Mais&#8230;<\/a><\/p>\n","protected":false},"author":4,"featured_media":573,"parent":0,"menu_order":0,"comment_status":"closed","ping_status":"closed","template":"","meta":{"_acf_changed":false,"jetpack_post_was_ever_published":false,"footnotes":""},"class_list":["post-14","page","type-page","status-publish","has-post-thumbnail","hentry"],"acf":[],"jetpack_sharing_enabled":true,"jetpack_shortlink":"https:\/\/wp.me\/P7WTYa-e","_links":{"self":[{"href":"https:\/\/comissoes.uepb.edu.br\/cpa\/wp-json\/wp\/v2\/pages\/14","targetHints":{"allow":["GET"]}}],"collection":[{"href":"https:\/\/comissoes.uepb.edu.br\/cpa\/wp-json\/wp\/v2\/pages"}],"about":[{"href":"https:\/\/comissoes.uepb.edu.br\/cpa\/wp-json\/wp\/v2\/types\/page"}],"author":[{"embeddable":true,"href":"https:\/\/comissoes.uepb.edu.br\/cpa\/wp-json\/wp\/v2\/users\/4"}],"replies":[{"embeddable":true,"href":"https:\/\/comissoes.uepb.edu.br\/cpa\/wp-json\/wp\/v2\/comments?post=14"}],"version-history":[{"count":55,"href":"https:\/\/comissoes.uepb.edu.br\/cpa\/wp-json\/wp\/v2\/pages\/14\/revisions"}],"predecessor-version":[{"id":566,"href":"https:\/\/comissoes.uepb.edu.br\/cpa\/wp-json\/wp\/v2\/pages\/14\/revisions\/566"}],"wp:featuredmedia":[{"embeddable":true,"href":"https:\/\/comissoes.uepb.edu.br\/cpa\/wp-json\/wp\/v2\/media\/573"}],"wp:attachment":[{"href":"https:\/\/comissoes.uepb.edu.br\/cpa\/wp-json\/wp\/v2\/media?parent=14"}],"curies":[{"name":"wp","href":"https:\/\/api.w.org\/{rel}","templated":true}]}}