{"id":116,"date":"2019-05-28T13:43:59","date_gmt":"2019-05-28T16:43:59","guid":{"rendered":"https:\/\/comissoes.uepb.edu.br\/cpa\/?page_id=116"},"modified":"2026-03-26T10:50:25","modified_gmt":"2026-03-26T13:50:25","slug":"autoavaliacao","status":"publish","type":"page","link":"https:\/\/comissoes.uepb.edu.br\/cpa\/autoavaliacao\/","title":{"rendered":"Avalia\u00e7\u00e3o Interna (Autoavalia\u00e7\u00e3o)"},"content":{"rendered":"<div class=\"wpb-content-wrapper\"><p>[vc_row][vc_column][vc_column_text css=&#8221;&#8221;]<\/p>\n<h1 style=\"text-align: center\"><strong>AVALIA\u00c7\u00c3O 2025<\/strong><\/h1>\n<p>&nbsp;<\/p>\n<h2><b><span style=\"font-family: Roboto\">Relat\u00f3rio Quantitativo &#8211; Avalia\u00e7\u00e3o institucional realizada pelos servidores t\u00e9cnicos-administrativos (Ano de 2025)<\/span><\/b><\/h2>\n<p><a href=\"https:\/\/lookerstudio.google.com\/reporting\/bab6c33b-9a9d-4969-9672-7682acdc516c\/page\/p_v8v8tfq97c\" target=\"_blank\" rel=\"noopener\">Relat\u00f3rio da Avalia\u00e7\u00e3o Institucional &#8211; T\u00e9cnicos-administrativos da UEPB &#8211; ANO DE 2025<\/a><\/p>\n<h2><b><span style=\"font-family: Roboto\">Relat\u00f3rio Quantitativo &#8211; Avalia\u00e7\u00e3o realizada pelos docentes da UEPB\u00a0 (Ano de 2025)<\/span><\/b><\/h2>\n<p><a href=\"https:\/\/lookerstudio.google.com\/reporting\/21a52562-3d18-4856-bd30-c1332474e9de\/page\/p_v8v8tfq97c\" target=\"_blank\" rel=\"noopener\">Relat\u00f3rio da Aavalia\u00e7\u00e3o Institucional &#8211; Docentes da UEPB (ANO DE 2025)<\/a><\/p>\n<h2><b><span style=\"font-family: Roboto\">Relat\u00f3rio Quantitativo &#8211; Avalia\u00e7\u00e3o dos cursos de gradua\u00e7\u00e3o presenciais da UEPB pelos estudantes (Ano de 2025)<\/span><\/b><\/h2>\n<p><a href=\"https:\/\/lookerstudio.google.com\/reporting\/f4943881-bb0b-4ded-8262-6b2e6aacef72\/page\/p_v8v8tfq97c\" target=\"_blank\" rel=\"noopener\">Relat\u00f3rio da Avalia\u00e7\u00e3o Institucional &#8211; Estudantes (ANO DE 2025)<\/a><\/p>\n<h2><strong>Relat\u00f3rio da avalia\u00e7\u00e3o dos cursos oferecidos pela PROEAD (Ano de 2025)<\/strong><\/h2>\n<p><a href=\"https:\/\/lookerstudio.google.com\/reporting\/bd716fe5-7da9-4d64-a23b-444cc76c9ed2\/page\/p_t3q48konad\" target=\"_blank\" rel=\"noopener\">Compara\u00e7\u00e3o da particpa\u00e7\u00e3o dos estudantes entre os cursos (ANO DE 2025)<\/a><\/p>\n<p>&nbsp;<\/p>\n<div align=\"center\"><b><span style=\"font-family: Roboto\"><span style=\"color: #ffffff\">Relat\u00f3rio quantitativo da avalia\u00e7\u00e3o institucional realizada pelos t\u00e9cnicos administrativos<\/span><\/span><\/b><\/div>\n<div align=\"center\"><b><span style=\"font-family: Roboto\"><span style=\"color: #ffffff\">\u00a0Ano de 2025<\/span><\/span><\/b><\/div>\n<div align=\"center\"><b><span style=\"font-family: Roboto\"><span style=\"color: #ffffff\">Relat\u00f3rio quantitativo da avalia\u00e7\u00e3o institucional realizada pelos t\u00e9cnicos administrativos<\/span><\/span><\/b><\/div>\n<div align=\"center\"><b><span style=\"font-family: Roboto\"><span style=\"color: #ffffff\">\u00a0Ano d<\/span><\/span><\/b><\/div>\n<h2><strong>Avalia\u00e7\u00e3o do Plano de Desenvolvimento Institucional (PDI)\u00a0 2022-2025<\/strong><\/h2>\n<p><a href=\"https:\/\/lookerstudio.google.com\/u\/0\/reporting\/cb6fff34-72b9-473b-9945-8b54b3a730b3\/page\/p_86ko3ypasd\" target=\"_blank\" rel=\"noopener\">Avalia\u00e7\u00e3o do PDI 2022-2025<\/a><\/p>\n<p><a href=\"https:\/\/comissoes.uepb.edu.br\/cpa\/download\/versao-em-pdf-relatorio-de-avaliacao-do-plano-de-desenvolvimento-institucional-pdi-ano-base-2023\/\" target=\"_blank\" rel=\"noopener\">Relat\u00f3rio de Avalia\u00e7\u00e3o do PDI em vers\u00e3o PDF <\/a><\/p>\n<h4><\/h4>\n<h2><b><span style=\"font-family: Roboto\">Relat\u00f3rio Quantitativo &#8211; Avalia\u00e7\u00e3o institucional realizada pelos servidores t\u00e9cnicos-administrativos (2024)<\/span><\/b><\/h2>\n<p><a href=\"https:\/\/lookerstudio.google.com\/u\/0\/reporting\/9e883c1a-1931-4795-b977-608797a80553\/page\/p_v8v8tfq97c\" target=\"_blank\" rel=\"noopener\">Relat\u00f3rio da Avalia\u00e7\u00e3o Institucional &#8211; T\u00e9cnicos-administrativos da UEPB &#8211; Ano de 2024<\/a><\/p>\n<h2><b><span style=\"font-family: Roboto\">Relat\u00f3rio Quantitativo &#8211; Avalia\u00e7\u00e3o dos cursos de gradua\u00e7\u00e3o da UEPB pelos estudantes (Ano de 2024)<\/span><\/b><\/h2>\n<p><a href=\"https:\/\/lookerstudio.google.com\/u\/0\/reporting\/ba3cccb5-7964-46c9-9c10-8a264a515b59\/page\/p_z5a6ruuiqd\" target=\"_blank\" rel=\"noopener\">Relat\u00f3rio da Avalia\u00e7\u00e3o Estudantil (Ano de 2024)<\/a><\/p>\n<h2><b><span style=\"font-family: Roboto\">Relat\u00f3rio Quantitativo &#8211; Avalia\u00e7\u00e3o realizada pelos docentes da UEPB\u00a0 (Ano de 2024)<\/span><\/b><\/h2>\n<p><a href=\"https:\/\/lookerstudio.google.com\/u\/0\/reporting\/74271d27-45aa-4fe0-9260-4ffb741d3fda\/page\/p_v8v8tfq97c\" target=\"_blank\" rel=\"noopener\">Relat\u00f3rio da Aavalia\u00e7\u00e3o Docente (Ano de 2024)<\/a><\/p>\n<h2><strong>Relat\u00f3rio da avalia\u00e7\u00e3o dos cursos oferecidos pela PROEAD (Per\u00edodo: 2024)<\/strong><\/h2>\n<p><a href=\"https:\/\/comissoes.uepb.edu.br\/cpa\/download\/relatorio-da-avaliacao-dos-cursos-ofertados-pela-proead-periodo-2024\/\" target=\"_blank\" rel=\"noopener\">Relat\u00f3rio da Avalia\u00e7\u00e3o dos Cursos pela PROEAD (Per\u00edodo: 2024)<\/a><\/p>\n<h2><\/h2>\n<h2><\/h2>\n<h2 style=\"text-align: center\"><strong>AVALIA\u00c7\u00d5ES ANTERIORES:\u00a0<\/strong><\/h2>\n<p>&nbsp;<\/p>\n<h2><strong>Relat\u00f3rio da avalia\u00e7\u00e3o dos cursos oferecidos pela PROEAD (Per\u00edodo 2023)<\/strong><\/h2>\n<p><a href=\"https:\/\/comissoes.uepb.edu.br\/cpa\/download\/relatorio-proead-2023\/\" target=\"_blank\" rel=\"noopener\">Relat\u00f3rio da Avalia\u00e7\u00e3o dos Cursos pela PROEAD (Per\u00edodo: 2023)<\/a><\/p>\n<h2><b><span style=\"font-family: Roboto\">Relat\u00f3rio Quantitativo &#8211; Avalia\u00e7\u00e3o dos cursos de gradua\u00e7\u00e3o da UEPB pelos estudantes (Semestre 2023.1)<\/span><\/b><\/h2>\n<p><a href=\"https:\/\/lookerstudio.google.com\/u\/0\/reporting\/598bf637-7f10-41a6-b7b1-cca14caf8ad3\/page\/p_v8v8tfq97c\" target=\"_blank\" rel=\"noopener\">Relat\u00f3rio da Avalia\u00e7\u00e3o Estudantil (Dados 2023.1)<\/a><\/p>\n<h2><b><span style=\"font-family: Roboto\">Relat\u00f3rio Quantitativo &#8211; Avalia\u00e7\u00e3o realizada pelos docentes da UEPB\u00a0 (Semestre 2023.1)<\/span><\/b><\/h2>\n<p><a href=\"https:\/\/lookerstudio.google.com\/u\/0\/reporting\/2b4f332d-8ed7-45e0-8a7d-126e557aca2b\/page\/p_v8v8tfq97c\" target=\"_blank\" rel=\"noopener\">Relat\u00f3rio da Avalia\u00e7\u00e3o Docente (Dados 2023.1)<\/a><\/p>\n<h2><b><span style=\"font-family: Roboto\">Relat\u00f3rio Quantitativo &#8211; Avalia\u00e7\u00e3o dos cursos de gradua\u00e7\u00e3o da UEPB pelos estudantes (Semestre 2022.2)<\/span><\/b><\/h2>\n<p><a href=\"https:\/\/lookerstudio.google.com\/u\/0\/reporting\/e9877370-42f5-4fe8-81c6-22e9d98fa0ca\/page\/p_v8v8tfq97c\" target=\"_blank\" rel=\"noopener\">Relat\u00f3rio da Avalia\u00e7\u00e3o Estudantil (Dados 2022.2)<\/a><\/p>\n<h2><b><span style=\"font-family: Roboto\">Relat\u00f3rio Quantitativo &#8211; Avalia\u00e7\u00e3o realizada pelos docentes da UEPB (Semestre 2022.2)<\/span><\/b><\/h2>\n<p><a href=\"https:\/\/lookerstudio.google.com\/u\/0\/reporting\/37abb451-0f06-43dd-abc9-f27d56c2ed65\/page\/p_v8v8tfq97c\" target=\"_blank\" rel=\"noopener\">Relat\u00f3rio da Avalia\u00e7\u00e3o Docente (Dados 2022.2)<\/a><\/p>\n<h2><b><span style=\"font-family: Roboto\">Relat\u00f3rio Quantitativo &#8211; Avalia\u00e7\u00e3o dos cursos de gradua\u00e7\u00e3o da UEPB pelos estudantes (Semestre 2022.1)<\/span><\/b><\/h2>\n<p><a href=\"https:\/\/lookerstudio.google.com\/u\/0\/reporting\/f3fbbc8a-e9b7-4089-9414-a878dad6a1a3\/page\/p_v8v8tfq97c?s=gDTudOMMfbE\" target=\"_blank\" rel=\"noopener\">Relat\u00f3rio da Avalia\u00e7\u00e3o Estudantil (Dados 2022.1)<\/a><\/p>\n<h2><\/h2>\n<h2 style=\"text-align: center\"><strong>RELAT\u00d3RIOS COMPLEMENTARES:\u00a0<\/strong><\/h2>\n<h2 class=\"fOvfyc B7SYid VnOHwf-Tvm9db\"><em><strong>Avalia\u00e7\u00e3o dos 34 anos da estadualiza\u00e7\u00e3o da UEPB<\/strong><\/em><\/h2>\n<p><a href=\"https:\/\/comissoes.uepb.edu.br\/cpa\/wp-content\/uploads\/sites\/4\/2022\/05\/AVALIACAO-SOBRE-A-UEPB-em-seus-34-anos-de-Estadualizacao.pdf\">Avalia\u00e7\u00e3o: UEPB e seus 34 anos de Estadualiza\u00e7\u00e3o<\/a><\/p>\n<h2 class=\"fOvfyc B7SYid VnOHwf-Tvm9db\"><em><strong>Pesquisa com os docentes da UEPB sobre o ensino remoto na Pandemia do Covid-19 (Dados de 2021)<\/strong><\/em><\/h2>\n<p><a href=\"https:\/\/comissoes.uepb.edu.br\/cpa\/wp-content\/uploads\/sites\/4\/2022\/05\/Pesquisa-Docente-UEPB-Novos-dados-docentes-2021.pdf\">Pesquisa Docente UEPB &#8211; Novos dados docentes 2021<\/a><\/p>\n<h2 class=\"fOvfyc B7SYid VnOHwf-Tvm9db\"><em><strong>Pesquisa com os discentes da UEPB sobre o ensino remoto na Pandemia do Covid-19 (Dados de 2021)<\/strong><\/em><\/h2>\n<p><a href=\"https:\/\/comissoes.uepb.edu.br\/cpa\/wp-content\/uploads\/sites\/4\/2022\/05\/Questionario-avaliacao-discentes-2021.pdf\">Question\u00e1rio avalia\u00e7\u00e3o discentes 2021<\/a>[\/vc_column_text][\/vc_column][\/vc_row]<\/p>\n<\/div>","protected":false},"excerpt":{"rendered":"<p>[vc_row][vc_column][vc_column_text css=&#8221;&#8221;] AVALIA\u00c7\u00c3O 2025 &nbsp; Relat\u00f3rio Quantitativo &#8211; Avalia\u00e7\u00e3o institucional realizada pelos servidores t\u00e9cnicos-administrativos (Ano de 2025) Relat\u00f3rio da Avalia\u00e7\u00e3o Institucional &#8211; T\u00e9cnicos-administrativos da UEPB &#8211; ANO DE 2025 Relat\u00f3rio Quantitativo &#8211; Avalia\u00e7\u00e3o realizada pelos docentes da UEPB\u00a0 (Ano de 2025) Relat\u00f3rio da Aavalia\u00e7\u00e3o Institucional &#8211; Docentes da UEPB (ANO DE 2025) Relat\u00f3rio Quantitativo &#8211; <a class=\"leiamais\" href=\"https:\/\/comissoes.uepb.edu.br\/cpa\/autoavaliacao\/\">Leia Mais&#8230;<\/a><\/p>\n","protected":false},"author":9,"featured_media":573,"parent":0,"menu_order":0,"comment_status":"closed","ping_status":"closed","template":"","meta":{"_acf_changed":false,"jetpack_post_was_ever_published":false,"footnotes":""},"class_list":["post-116","page","type-page","status-publish","has-post-thumbnail","hentry"],"acf":[],"jetpack_sharing_enabled":true,"jetpack_shortlink":"https:\/\/wp.me\/P7WTYa-1S","_links":{"self":[{"href":"https:\/\/comissoes.uepb.edu.br\/cpa\/wp-json\/wp\/v2\/pages\/116","targetHints":{"allow":["GET"]}}],"collection":[{"href":"https:\/\/comissoes.uepb.edu.br\/cpa\/wp-json\/wp\/v2\/pages"}],"about":[{"href":"https:\/\/comissoes.uepb.edu.br\/cpa\/wp-json\/wp\/v2\/types\/page"}],"author":[{"embeddable":true,"href":"https:\/\/comissoes.uepb.edu.br\/cpa\/wp-json\/wp\/v2\/users\/9"}],"replies":[{"embeddable":true,"href":"https:\/\/comissoes.uepb.edu.br\/cpa\/wp-json\/wp\/v2\/comments?post=116"}],"version-history":[{"count":40,"href":"https:\/\/comissoes.uepb.edu.br\/cpa\/wp-json\/wp\/v2\/pages\/116\/revisions"}],"predecessor-version":[{"id":630,"href":"https:\/\/comissoes.uepb.edu.br\/cpa\/wp-json\/wp\/v2\/pages\/116\/revisions\/630"}],"wp:featuredmedia":[{"embeddable":true,"href":"https:\/\/comissoes.uepb.edu.br\/cpa\/wp-json\/wp\/v2\/media\/573"}],"wp:attachment":[{"href":"https:\/\/comissoes.uepb.edu.br\/cpa\/wp-json\/wp\/v2\/media?parent=116"}],"curies":[{"name":"wp","href":"https:\/\/api.w.org\/{rel}","templated":true}]}}