{"id":9,"date":"2016-07-29T10:30:46","date_gmt":"2016-07-29T13:30:46","guid":{"rendered":"https:\/\/comissoes.uepb.edu.br\/ciast\/?page_id=9"},"modified":"2020-06-24T12:57:14","modified_gmt":"2020-06-24T15:57:14","slug":"composicao","status":"publish","type":"page","link":"https:\/\/comissoes.uepb.edu.br\/ciast\/composicao\/","title":{"rendered":"Composi\u00e7\u00e3o"},"content":{"rendered":"<p>&nbsp;<\/p>\n<table style=\"height: 1004px;\" width=\"925\">\n<tbody>\n<tr>\n<td colspan=\"2\" width=\"581\">\n<h3><strong>Representa\u00e7\u00e3o Reitoria:<\/strong><\/h3>\n<\/td>\n<\/tr>\n<tr>\n<td width=\"176\"><img loading=\"lazy\" decoding=\"async\" class=\"wp-image-149 aligncenter img-responsive\" src=\"https:\/\/comissoes.uepb.edu.br\/ciast\/wp-content\/uploads\/sites\/5\/2020\/06\/claudia-259x300.jpg\" alt=\"\" width=\"195\" height=\"226\" srcset=\"https:\/\/comissoes.uepb.edu.br\/ciast\/wp-content\/uploads\/sites\/5\/2020\/06\/claudia-259x300.jpg 259w, https:\/\/comissoes.uepb.edu.br\/ciast\/wp-content\/uploads\/sites\/5\/2020\/06\/claudia-370x429.jpg 370w, https:\/\/comissoes.uepb.edu.br\/ciast\/wp-content\/uploads\/sites\/5\/2020\/06\/claudia.jpg 568w\" sizes=\"auto, (max-width: 195px) 100vw, 195px\" \/><\/td>\n<td width=\"405\"><strong>Cl\u00e1udia Holanda Moreira: <\/strong>Possui gradua\u00e7\u00e3o em Fisioterapia pela Universidade Estadual da Para\u00edba (1994) e Mestrado interdisciplinar em sa\u00fade pela Universidade Estadual da Para\u00edba (2003). Atualmente \u00e9 docente do curso de Fisioterapia da Universidade Estadual da Para\u00edba. Tem experi\u00eancia na \u00e1rea de Fisioterapia autuando principalmente nas seguintes \u00e1reas: Sa\u00fade Coletiva, Ergonomia e sa\u00fade do Trabalhador.<\/td>\n<\/tr>\n<tr>\n<td width=\"176\"><img loading=\"lazy\" decoding=\"async\" class=\"wp-image-157 aligncenter img-responsive\" src=\"https:\/\/comissoes.uepb.edu.br\/ciast\/wp-content\/uploads\/sites\/5\/2020\/06\/joselma-287x300.jpg\" alt=\"\" width=\"185\" height=\"193\" srcset=\"https:\/\/comissoes.uepb.edu.br\/ciast\/wp-content\/uploads\/sites\/5\/2020\/06\/joselma-287x300.jpg 287w, https:\/\/comissoes.uepb.edu.br\/ciast\/wp-content\/uploads\/sites\/5\/2020\/06\/joselma.jpg 321w\" sizes=\"auto, (max-width: 185px) 100vw, 185px\" \/><\/td>\n<td width=\"405\"><strong>Joselma Vilma Morais Ferreira Lacerda<\/strong>: Gradua\u00e7\u00e3o em Administra\u00e7\u00e3o P\u00fablica pela Universidade Estadual da Para\u00edba (2015). Gradua\u00e7\u00e3o em DIREITO pela Universidade Estadual da Para\u00edba &#8211; UEPB (1998). Especializa\u00e7\u00e3o em Meios Consensuais de Solu\u00e7\u00e3o de Conflitos pela Universidade Estadual da Para\u00edba (2019). Especializa\u00e7\u00e3o em Direito do Trabalho e Processo do Trabalho pelo Centro Universit\u00e1rio de Jo\u00e3o Pessoa (2011); Curso T\u00e9cnico em seguran\u00e7a do trabalho pelo Centro Federal de Educa\u00e7\u00e3o Tecnol\u00f3gica da Para\u00edba (2001); T\u00e9cnica de Seguran\u00e7a do Trabalho da Universidade Estadual da Para\u00edba. Mediadora e Conciliadora Judicial Advogada com atua\u00e7\u00e3o nas \u00e1reas c\u00edvel e previdenci\u00e1ria. Experi\u00eancia na \u00e1rea do Direito aplicado \u00e0 seguran\u00e7a e sa\u00fade do trabalhador, assim como na \u00e1rea t\u00e9cnica em seguran\u00e7a do trabalho com \u00eanfase em a\u00e7\u00f5es gerenciais de preven\u00e7\u00e3o de acidentes de trabalho na Ind\u00fastria da Constru\u00e7\u00e3o Civil; programas e projetos intersetoriais voltados para promo\u00e7\u00e3o da Sa\u00fade e Seguran\u00e7a dos servidores p\u00fablicos<\/td>\n<\/tr>\n<tr>\n<td width=\"176\"><img loading=\"lazy\" decoding=\"async\" class=\"wp-image-161 aligncenter img-responsive\" src=\"https:\/\/comissoes.uepb.edu.br\/ciast\/wp-content\/uploads\/sites\/5\/2020\/06\/maria-298x300.jpg\" alt=\"\" width=\"190\" height=\"191\" srcset=\"https:\/\/comissoes.uepb.edu.br\/ciast\/wp-content\/uploads\/sites\/5\/2020\/06\/maria-298x300.jpg 298w, https:\/\/comissoes.uepb.edu.br\/ciast\/wp-content\/uploads\/sites\/5\/2020\/06\/maria-150x150.jpg 150w, https:\/\/comissoes.uepb.edu.br\/ciast\/wp-content\/uploads\/sites\/5\/2020\/06\/maria-370x372.jpg 370w, https:\/\/comissoes.uepb.edu.br\/ciast\/wp-content\/uploads\/sites\/5\/2020\/06\/maria.jpg 527w\" sizes=\"auto, (max-width: 190px) 100vw, 190px\" \/><\/td>\n<td width=\"405\"><strong>Maria de F\u00e1tima Nascimento Sousa: <\/strong>Engenheira qu\u00edmica, Licenciada em qu\u00edmica, Engenheira de Seguran\u00e7a do Trabalho. Possui mestrado em Engenharia Civil, \u00e1rea: recursos h\u00eddricos sub-\u00e1rea Saneamento ambiental(Campina Grande) pela Universidade Federal da Para\u00edba(1998). Atualmente \u00e9 professora da Universidade Estadual da Para\u00edba, exercendo o cargo de Coordenadora Geral de Est\u00e1gios e Programas Acad\u00eamicos da Pr\u00f3 &#8211; Reitoria de Gradua\u00e7\u00e3o. Tem experi\u00eancia na \u00e1rea de qu\u00edmimica, atuando principalmente nos seguintes temas: fabrica\u00e7\u00e3o de domissanit\u00e1rios, cosm\u00e9ticos \u00e0 base de palma, cact\u00e1cea do semi-\u00e1rido, abastecimento p\u00fablico, \u00e1gua.<\/td>\n<\/tr>\n<\/tbody>\n<\/table>\n<p>&nbsp;<\/p>\n<table style=\"height: 850px;\" width=\"949\">\n<tbody>\n<tr>\n<td colspan=\"2\" width=\"581\">\n<h3><strong>Representa\u00e7\u00e3o Docente:<\/strong><\/h3>\n<\/td>\n<\/tr>\n<tr>\n<td width=\"177\"><img loading=\"lazy\" decoding=\"async\" class=\"wp-image-147 aligncenter img-responsive\" src=\"https:\/\/comissoes.uepb.edu.br\/ciast\/wp-content\/uploads\/sites\/5\/2020\/06\/anapaula-300x300.jpg\" alt=\"\" width=\"192\" height=\"192\" srcset=\"https:\/\/comissoes.uepb.edu.br\/ciast\/wp-content\/uploads\/sites\/5\/2020\/06\/anapaula-300x300.jpg 300w, https:\/\/comissoes.uepb.edu.br\/ciast\/wp-content\/uploads\/sites\/5\/2020\/06\/anapaula-150x150.jpg 150w, https:\/\/comissoes.uepb.edu.br\/ciast\/wp-content\/uploads\/sites\/5\/2020\/06\/anapaula-370x370.jpg 370w, https:\/\/comissoes.uepb.edu.br\/ciast\/wp-content\/uploads\/sites\/5\/2020\/06\/anapaula.jpg 640w\" sizes=\"auto, (max-width: 192px) 100vw, 192px\" \/><\/td>\n<td width=\"404\"><strong>Ana Paula Ara\u00fajo Almeida:<\/strong> Possui gradua\u00e7\u00e3o em Qu\u00edmica Industrial pela Universidade Estadual da Para\u00edba (2007), mestrado em Engenharia Qu\u00edmica pela Universidade Federal de Campina Grande (2010) e doutorado em Engenharia Qu\u00edmica pela Universidade Federal de Campina Grande (2014). Atualmente \u00e9 professor efetivo da Universidade Estadual da Para\u00edba. Tem experi\u00eancia na \u00e1rea de catalise, meio ambiente e tratamento de \u00e1gua, atuando principalmente nos seguintes temas: adsor\u00e7\u00e3o, s\u00edntese e caracteriza\u00e7\u00e3o de peneiras moleculares, desenvolvimento de sistemas de potabiliza\u00e7\u00e3o de \u00e1gua e aproveitamento de res\u00edduos para desenvolvimento de comp\u00f3sitos. Atuando ainda na \u00e1rea de sa\u00fade e seguran\u00e7a do trabalhador e nos laborat\u00f3rios de qu\u00edmica.<\/td>\n<\/tr>\n<tr>\n<td width=\"177\"><img loading=\"lazy\" decoding=\"async\" class=\"wp-image-156 aligncenter img-responsive\" src=\"https:\/\/comissoes.uepb.edu.br\/ciast\/wp-content\/uploads\/sites\/5\/2020\/06\/josefa-250x300.jpg\" alt=\"\" width=\"154\" height=\"185\" srcset=\"https:\/\/comissoes.uepb.edu.br\/ciast\/wp-content\/uploads\/sites\/5\/2020\/06\/josefa-250x300.jpg 250w, https:\/\/comissoes.uepb.edu.br\/ciast\/wp-content\/uploads\/sites\/5\/2020\/06\/josefa-854x1024.jpg 854w, https:\/\/comissoes.uepb.edu.br\/ciast\/wp-content\/uploads\/sites\/5\/2020\/06\/josefa-768x921.jpg 768w, https:\/\/comissoes.uepb.edu.br\/ciast\/wp-content\/uploads\/sites\/5\/2020\/06\/josefa-370x444.jpg 370w, https:\/\/comissoes.uepb.edu.br\/ciast\/wp-content\/uploads\/sites\/5\/2020\/06\/josefa-840x1008.jpg 840w, https:\/\/comissoes.uepb.edu.br\/ciast\/wp-content\/uploads\/sites\/5\/2020\/06\/josefa.jpg 1067w\" sizes=\"auto, (max-width: 154px) 100vw, 154px\" \/><\/td>\n<td width=\"404\"><strong>Josefa Josete da Silva Santos:<\/strong> Mestre em Enfermagem Fundamental pela USP (1991). Especialista em Enfermagem M\u00e9dico Cir\u00fargica pela Escola Paulista de Medicina, SP (1984) Atualmente Docente do Departamento de Enfermagem na Uepb. Lecionando a disciplina Processo de Cuidar II. Pesquisa na \u00e1rea de Sa\u00fade do Adulto e Sistematiza\u00e7\u00e3o do Processo de Cuidar.<\/td>\n<\/tr>\n<tr>\n<td width=\"177\"><img loading=\"lazy\" decoding=\"async\" class=\"wp-image-163 aligncenter img-responsive\" src=\"https:\/\/comissoes.uepb.edu.br\/ciast\/wp-content\/uploads\/sites\/5\/2020\/06\/valeria-237x300.jpg\" alt=\"\" width=\"171\" height=\"216\" srcset=\"https:\/\/comissoes.uepb.edu.br\/ciast\/wp-content\/uploads\/sites\/5\/2020\/06\/valeria-237x300.jpg 237w, https:\/\/comissoes.uepb.edu.br\/ciast\/wp-content\/uploads\/sites\/5\/2020\/06\/valeria-370x468.jpg 370w, https:\/\/comissoes.uepb.edu.br\/ciast\/wp-content\/uploads\/sites\/5\/2020\/06\/valeria.jpg 586w\" sizes=\"auto, (max-width: 171px) 100vw, 171px\" \/><\/td>\n<td width=\"404\"><strong>Val\u00e9ria Morais da Silveira Sousa:<\/strong> Mestre em Psicologia da Sa\u00fade, Especialista em Gest\u00e3o de Pessoas. Psic\u00f3loga com atua\u00e7\u00e3o na Psicologia Organizacional e do Trabalho e Psicologia Cl\u00ednica e Ensino superior. Principais interesses em pesquisa: sa\u00fade do trabalhador, sa\u00fade mental e trabalho, gest\u00e3o de pessoas.<\/p>\n<p>&nbsp;<\/td>\n<\/tr>\n<\/tbody>\n<\/table>\n<p>&nbsp;<\/p>\n<table style=\"height: 1385px;\" width=\"947\">\n<tbody>\n<tr>\n<td colspan=\"2\" width=\"581\"><strong>Representa\u00e7\u00e3o dos T\u00e9cnicos Administrativos:<\/strong><\/td>\n<\/tr>\n<tr>\n<td width=\"176\"><img loading=\"lazy\" decoding=\"async\" class=\"wp-image-154 aligncenter img-responsive\" src=\"https:\/\/comissoes.uepb.edu.br\/ciast\/wp-content\/uploads\/sites\/5\/2020\/06\/helimarcos-199x300.jpg\" alt=\"\" width=\"134\" height=\"202\" srcset=\"https:\/\/comissoes.uepb.edu.br\/ciast\/wp-content\/uploads\/sites\/5\/2020\/06\/helimarcos-199x300.jpg 199w, https:\/\/comissoes.uepb.edu.br\/ciast\/wp-content\/uploads\/sites\/5\/2020\/06\/helimarcos-370x558.jpg 370w, https:\/\/comissoes.uepb.edu.br\/ciast\/wp-content\/uploads\/sites\/5\/2020\/06\/helimarcos.jpg 529w\" sizes=\"auto, (max-width: 134px) 100vw, 134px\" \/><\/td>\n<td width=\"405\"><strong>Helimarcos Nunes Pereira: <\/strong>T\u00e9cnico Administrativo da Universidade Estadual da Para\u00edba-UEPB. Doutorando\u00a0em Ci\u00eancias Farmac\u00eauticas\u00a0pela Universidade Federal do Pernambuco. Mestre em Ci\u00eancias Farmac\u00eauticas\u00a0pela Universidade Estadual da Para\u00edba. Especialista em Farmacologia Cl\u00ednica pela DNA-FIP. Farmac\u00eautico pela Universidade Estadual da Para\u00edba.<\/td>\n<\/tr>\n<tr>\n<td width=\"176\"><img loading=\"lazy\" decoding=\"async\" class=\"wp-image-158 aligncenter img-responsive\" src=\"https:\/\/comissoes.uepb.edu.br\/ciast\/wp-content\/uploads\/sites\/5\/2020\/06\/juliana-202x300.jpg\" alt=\"\" width=\"156\" height=\"232\" srcset=\"https:\/\/comissoes.uepb.edu.br\/ciast\/wp-content\/uploads\/sites\/5\/2020\/06\/juliana-202x300.jpg 202w, https:\/\/comissoes.uepb.edu.br\/ciast\/wp-content\/uploads\/sites\/5\/2020\/06\/juliana.jpg 368w\" sizes=\"auto, (max-width: 156px) 100vw, 156px\" \/><\/td>\n<td width=\"405\"><strong>Juliana Grangeiro Sales Bezerra: <\/strong>Gradua\u00e7\u00e3o em Servi\u00e7o Social pela Universidade Federal da Para\u00edba (2010). Especialista em Ci\u00eancia Pol\u00edtica e Gest\u00e3o P\u00fablica pela Universidade Federal de Campina Grande (2013). Mestre em Desenvolvimento Regional pelo PPGDR\/UEPB, e est\u00e1 em fase de finaliza\u00e7\u00e3o do Master in Business Administration (MBA) em Gerenciamento de Projetos pela Faculdade Anglo Americano (Campina Grande\/PB). Ocupa o cargo de Assistente Social na Pr\u00f3-Reitoria de Gest\u00e3o de Pessoas na Universidade Estadual da Para\u00edba, desde novembro de 2012. Atualmente \u00e9 Conselheira Estadual do Conselho de Assist\u00eancia Social-CEAS\/PB representando a UEPB (Gest\u00e3o 2018\/2020).<\/p>\n<p>Atua em temas como Gest\u00e3o de Projetos Sociais (elabora\u00e7\u00e3o, monitoramento e avalia\u00e7\u00e3o); Estado, Democracia, Controle Social, Pol\u00edticas Sociais- Sa\u00fade do Trabalhador, Assist\u00eancia Social, Crian\u00e7a e Adolescente, e Meio Ambiente.<\/p>\n<p>Tem experi\u00eancia profissional: no Sistema \u00danico de Sa\u00fade (SUS), nas \u00e1reas de Apoio Matricial a USF e como chefe de Medicina Natural e Pr\u00e1ticas Complementares em Sa\u00fade (SMS- Jo\u00e3o Pessoa nos anos de 2010 e 2011); no Sistema \u00danico de Assist\u00eancia Social (SUAS) , trabalhou no CRAS -Centro Refer\u00eancia de Assist\u00eancia Social ( SMAS- Itabaiana no ano de 2011) e no CREAS \u2013Regional Centro de Refer\u00eancia Especializado em Assist\u00eancia Social (SEDH \u2013 Lagoa Seca no ano de 2012). Al\u00e9m de ter desenvolvido atividades de Consultoria e Assessoria em Elabora\u00e7\u00e3o e Gerenciamento de Projetos Sociais ao terceiro setor (ONG ACEV Social, dos anos de 2009 \u00e0 2012).<\/td>\n<\/tr>\n<tr>\n<td width=\"176\"><img loading=\"lazy\" decoding=\"async\" class=\" wp-image-162 aligncenter img-responsive\" src=\"https:\/\/comissoes.uepb.edu.br\/ciast\/wp-content\/uploads\/sites\/5\/2020\/06\/raenilson-236x300.jpg\" alt=\"\" width=\"168\" height=\"214\" srcset=\"https:\/\/comissoes.uepb.edu.br\/ciast\/wp-content\/uploads\/sites\/5\/2020\/06\/raenilson-236x300.jpg 236w, https:\/\/comissoes.uepb.edu.br\/ciast\/wp-content\/uploads\/sites\/5\/2020\/06\/raenilson.jpg 315w\" sizes=\"auto, (max-width: 168px) 100vw, 168px\" \/><\/td>\n<td width=\"405\"><strong>Raenilson Ara\u00fajo Ramos: <\/strong>Mestrando em Sa\u00fade P\u00fablica no Programa de P\u00f3s-Gradua\u00e7\u00e3o em Sa\u00fade P\u00fablica da Universidade Estadual da Para\u00edba, Especialista em Unidade de Terapia Intensiva pelo CINTEP\/PB (2017), Gradua\u00e7\u00e3o em Enfermagem pela Universidade Estadual da Para\u00edba (2014), T\u00e9cnico em Enfermagem (2002) pela Escola T\u00e9cnica de Enfermagem Dr\u00aa Mirin N\u00f3brega. Atualmente desempenha suas atribui\u00e7\u00f5es profissionais em Campina Grande no Hospital de Emerg\u00eancia e Trauma Dom Lu\u00eds Gonzaga Fernandes e na Universidade Estadual da Para\u00edba.<\/td>\n<\/tr>\n<\/tbody>\n<\/table>\n<p>&nbsp;<\/p>\n<table style=\"height: 2148px;\" width=\"951\">\n<tbody>\n<tr>\n<td colspan=\"2\" width=\"581\">\n<h3><strong>Equipe Multidisciplinar, Interdiciplinar e Intersetorial:<\/strong><\/h3>\n<\/td>\n<\/tr>\n<tr>\n<td width=\"176\"><img loading=\"lazy\" decoding=\"async\" class=\"wp-image-146 aligncenter img-responsive\" src=\"https:\/\/comissoes.uepb.edu.br\/ciast\/wp-content\/uploads\/sites\/5\/2020\/06\/albertina-300x300.jpg\" alt=\"\" width=\"214\" height=\"214\" srcset=\"https:\/\/comissoes.uepb.edu.br\/ciast\/wp-content\/uploads\/sites\/5\/2020\/06\/albertina-300x300.jpg 300w, https:\/\/comissoes.uepb.edu.br\/ciast\/wp-content\/uploads\/sites\/5\/2020\/06\/albertina-150x150.jpg 150w, https:\/\/comissoes.uepb.edu.br\/ciast\/wp-content\/uploads\/sites\/5\/2020\/06\/albertina-370x370.jpg 370w, https:\/\/comissoes.uepb.edu.br\/ciast\/wp-content\/uploads\/sites\/5\/2020\/06\/albertina.jpg 640w\" sizes=\"auto, (max-width: 214px) 100vw, 214px\" \/><\/td>\n<td width=\"405\"><strong>Albertina F\u00e9lix da Cruz: <\/strong>Mestre em Servi\u00e7o Social pela Universidade Federal do Rio Grande do Norte (2013) Gradua\u00e7\u00e3o em Servi\u00e7o Social, pela Universidade Estadual da Para\u00edba (2007). Especializa\u00e7\u00e3o em Sa\u00fade Mental e Aten\u00e7\u00e3o Psicossocial pela Universidade Estadual da Para\u00edba (2011) Assistente Social da Universidade Estadual da Para\u00edba. Experi\u00eancia na \u00e1rea de Pol\u00edtica Social, com \u00eanfase em Financiamento da Pol\u00edtica de Assist\u00eancia Social, atuando principalmente nos seguintes temas: Estado, Direitos e Democracia, Pol\u00edtica Social, Assist\u00eancia Social, Or\u00e7amento P\u00fablico, Sa\u00fade do Trabalhador, Sa\u00fade Mental e G\u00eanero.<\/td>\n<\/tr>\n<tr>\n<td width=\"176\"><img loading=\"lazy\" decoding=\"async\" class=\"wp-image-148 aligncenter img-responsive\" src=\"https:\/\/comissoes.uepb.edu.br\/ciast\/wp-content\/uploads\/sites\/5\/2020\/06\/arthur-195x300.jpg\" alt=\"\" width=\"163\" height=\"251\" srcset=\"https:\/\/comissoes.uepb.edu.br\/ciast\/wp-content\/uploads\/sites\/5\/2020\/06\/arthur-195x300.jpg 195w, https:\/\/comissoes.uepb.edu.br\/ciast\/wp-content\/uploads\/sites\/5\/2020\/06\/arthur-370x568.jpg 370w, https:\/\/comissoes.uepb.edu.br\/ciast\/wp-content\/uploads\/sites\/5\/2020\/06\/arthur.jpg 372w\" sizes=\"auto, (max-width: 163px) 100vw, 163px\" \/><\/td>\n<td width=\"405\"><strong>Artur Cesar Sartori Lopes: <\/strong>Mestre em Administra\u00e7\u00e3o de Empresas pela FGV-EAESP. Engenheiro de Produ\u00e7\u00e3o e Bacharel em Planejamento e Controle de Opera\u00e7\u00f5es Log\u00edsticas pela UAM, com extens\u00e3o na Universidad Europea de Madrid, Espanha. MBA em Gest\u00e3o e Tecnologias Ambientais e Especializa\u00e7\u00e3o em Engenharia de Seguran\u00e7a do Trabalho pela USP. Atualmente \u00e9 Eng. de Seguran\u00e7a do Trabalho da UEPB, palestrante, professor convidado na FIP-PB, SENAC-PB, entre outras. Atuou por diversos anos como consultor em diversas empresas no Estado de S\u00e3o Paulo na implementa\u00e7\u00e3o de Sistema Integrado de Gest\u00e3o [NBR ISO 9001, NBR ISO 14001, OHSAS 18001, PRODIR (ASSOCIQUIM), SEDEX e SASSMAQ (ABQUIM)]. \u00c9 revisor do <em>Journal of Humanitarian Logistics and Supply Chain Management <\/em>(Emerald), avaliador do CONBREPRO, entre outros. Participa em grupos de pesquisa da FGV-EAESP e ABNT\/CEE-063 (Gest\u00e3o de Riscos). \u00c1reas de atua\u00e7\u00e3o: gest\u00e3o socioambiental e da sa\u00fade, gest\u00e3o de risco, gest\u00e3o de emerg\u00eancia, higiene ocupacional, per\u00edcia, inova\u00e7\u00e3o sustent\u00e1vel e cadeia de suprimento sustent\u00e1vel e gest\u00e3o da qualidade.<\/p>\n<p>&nbsp;<\/td>\n<\/tr>\n<tr>\n<td width=\"176\"><img loading=\"lazy\" decoding=\"async\" class=\"wp-image-150 aligncenter img-responsive\" src=\"https:\/\/comissoes.uepb.edu.br\/ciast\/wp-content\/uploads\/sites\/5\/2020\/06\/danielle-169x300.jpg\" alt=\"\" width=\"135\" height=\"240\" srcset=\"https:\/\/comissoes.uepb.edu.br\/ciast\/wp-content\/uploads\/sites\/5\/2020\/06\/danielle-169x300.jpg 169w, https:\/\/comissoes.uepb.edu.br\/ciast\/wp-content\/uploads\/sites\/5\/2020\/06\/danielle-576x1024.jpg 576w, https:\/\/comissoes.uepb.edu.br\/ciast\/wp-content\/uploads\/sites\/5\/2020\/06\/danielle-370x658.jpg 370w, https:\/\/comissoes.uepb.edu.br\/ciast\/wp-content\/uploads\/sites\/5\/2020\/06\/danielle.jpg 720w\" sizes=\"auto, (max-width: 135px) 100vw, 135px\" \/><\/td>\n<td width=\"405\"><strong>Danielle Ginu\u00edno Correia: <\/strong>T\u00e9cnica em Seguran\u00e7a do Trabalho \u2013 PROGEP; Graduada em Ci\u00eancias Biol\u00f3gicas (UEPB); Especialista em Engenharia de Seguran\u00e7a do Trabalho (Maur\u00edcio de Nassau); Graduanda em Engenharia Sanit\u00e1ria e Ambiental (UEPB).<\/p>\n<p>&nbsp;<\/td>\n<\/tr>\n<tr>\n<td width=\"176\"><img loading=\"lazy\" decoding=\"async\" class=\"wp-image-151 aligncenter img-responsive\" src=\"https:\/\/comissoes.uepb.edu.br\/ciast\/wp-content\/uploads\/sites\/5\/2020\/06\/eduardo-292x300.jpg\" alt=\"\" width=\"186\" height=\"191\" srcset=\"https:\/\/comissoes.uepb.edu.br\/ciast\/wp-content\/uploads\/sites\/5\/2020\/06\/eduardo-292x300.jpg 292w, https:\/\/comissoes.uepb.edu.br\/ciast\/wp-content\/uploads\/sites\/5\/2020\/06\/eduardo-998x1024.jpg 998w, https:\/\/comissoes.uepb.edu.br\/ciast\/wp-content\/uploads\/sites\/5\/2020\/06\/eduardo-768x788.jpg 768w, https:\/\/comissoes.uepb.edu.br\/ciast\/wp-content\/uploads\/sites\/5\/2020\/06\/eduardo-370x380.jpg 370w, https:\/\/comissoes.uepb.edu.br\/ciast\/wp-content\/uploads\/sites\/5\/2020\/06\/eduardo-840x862.jpg 840w, https:\/\/comissoes.uepb.edu.br\/ciast\/wp-content\/uploads\/sites\/5\/2020\/06\/eduardo.jpg 1070w\" sizes=\"auto, (max-width: 186px) 100vw, 186px\" \/><\/td>\n<td width=\"405\"><strong>Eduardo Lira de Assis: <\/strong>Graduado em medicina pela universidade federal da para\u00edba em 1982. Concluiu resid\u00eancia m\u00e9dica em pediatria pela universidade federal da para\u00edba em 1984. Professor de fisiologia humana na universidade estadual da para\u00edba desde 1990. Publicou 3 trabalhos em anais de eventos. Atua nas \u00e1reas de fisiologia, pediatria e terapia intensiva.<\/p>\n<p>&nbsp;<\/td>\n<\/tr>\n<tr>\n<td width=\"176\"><img loading=\"lazy\" decoding=\"async\" class=\"wp-image-153 aligncenter img-responsive\" src=\"https:\/\/comissoes.uepb.edu.br\/ciast\/wp-content\/uploads\/sites\/5\/2020\/06\/franscisco-225x300.jpg\" alt=\"\" width=\"154\" height=\"205\" srcset=\"https:\/\/comissoes.uepb.edu.br\/ciast\/wp-content\/uploads\/sites\/5\/2020\/06\/franscisco-225x300.jpg 225w, https:\/\/comissoes.uepb.edu.br\/ciast\/wp-content\/uploads\/sites\/5\/2020\/06\/franscisco-768x1024.jpg 768w, https:\/\/comissoes.uepb.edu.br\/ciast\/wp-content\/uploads\/sites\/5\/2020\/06\/franscisco-370x493.jpg 370w, https:\/\/comissoes.uepb.edu.br\/ciast\/wp-content\/uploads\/sites\/5\/2020\/06\/franscisco-840x1120.jpg 840w, https:\/\/comissoes.uepb.edu.br\/ciast\/wp-content\/uploads\/sites\/5\/2020\/06\/franscisco.jpg 960w\" sizes=\"auto, (max-width: 154px) 100vw, 154px\" \/><\/td>\n<td width=\"405\"><strong>Francisco Clebson Soares de Lima: <\/strong>Licenciado Em Geografia (2019) e Graduado Em Tecnologia De Recursos Humanos(2016). Especialista Em Psicopedagogia Institucional (2019) e T\u00e9cnico Em Seguran\u00e7a Do Trabalho (2010). Atualmente \u00e9 T\u00e9cnico Administrativo da UEPB, lotado na PROGEP, exercendo a fun\u00e7\u00e3o de T\u00e9cnico Em Seguran\u00e7a Do Trabalho desde Maio de 2018.<\/td>\n<\/tr>\n<tr>\n<td width=\"176\"><img loading=\"lazy\" decoding=\"async\" class=\"wp-image-159 aligncenter img-responsive\" src=\"https:\/\/comissoes.uepb.edu.br\/ciast\/wp-content\/uploads\/sites\/5\/2020\/06\/kyonelly-261x300.jpg\" alt=\"\" width=\"185\" height=\"213\" srcset=\"https:\/\/comissoes.uepb.edu.br\/ciast\/wp-content\/uploads\/sites\/5\/2020\/06\/kyonelly-261x300.jpg 261w, https:\/\/comissoes.uepb.edu.br\/ciast\/wp-content\/uploads\/sites\/5\/2020\/06\/kyonelly-892x1024.jpg 892w, https:\/\/comissoes.uepb.edu.br\/ciast\/wp-content\/uploads\/sites\/5\/2020\/06\/kyonelly-768x882.jpg 768w, https:\/\/comissoes.uepb.edu.br\/ciast\/wp-content\/uploads\/sites\/5\/2020\/06\/kyonelly-370x425.jpg 370w, https:\/\/comissoes.uepb.edu.br\/ciast\/wp-content\/uploads\/sites\/5\/2020\/06\/kyonelly-840x965.jpg 840w, https:\/\/comissoes.uepb.edu.br\/ciast\/wp-content\/uploads\/sites\/5\/2020\/06\/kyonelly.jpg 897w\" sizes=\"auto, (max-width: 185px) 100vw, 185px\" \/><\/td>\n<td width=\"405\"><strong>Kyonelly Queila Duarte Brito Andrade: <\/strong>Gradua\u00e7\u00e3o em Engenharia Agr\u00edcola da UFCG; P\u00f3s-Gradua\u00e7\u00e3o em Engenharia de Seguran\u00e7a do Trabalho; Mestrado em Engenharia Agr\u00edcola \u2013 UFCG.<\/td>\n<\/tr>\n<tr>\n<td width=\"176\"><img loading=\"lazy\" decoding=\"async\" class=\"wp-image-160 aligncenter img-responsive\" src=\"https:\/\/comissoes.uepb.edu.br\/ciast\/wp-content\/uploads\/sites\/5\/2020\/06\/maisa-300x300.jpg\" alt=\"\" width=\"175\" height=\"175\" srcset=\"https:\/\/comissoes.uepb.edu.br\/ciast\/wp-content\/uploads\/sites\/5\/2020\/06\/maisa-300x300.jpg 300w, https:\/\/comissoes.uepb.edu.br\/ciast\/wp-content\/uploads\/sites\/5\/2020\/06\/maisa-150x150.jpg 150w, https:\/\/comissoes.uepb.edu.br\/ciast\/wp-content\/uploads\/sites\/5\/2020\/06\/maisa-370x370.jpg 370w, https:\/\/comissoes.uepb.edu.br\/ciast\/wp-content\/uploads\/sites\/5\/2020\/06\/maisa.jpg 581w\" sizes=\"auto, (max-width: 175px) 100vw, 175px\" \/><\/td>\n<td width=\"405\"><strong>Ma\u00edsa Ferraz Pinto: <\/strong>P\u00f3s-Gradua\u00e7\u00e3o em Enfermagem Obst\u00e9trica e Neonatal, Faculdade de Ci\u00eancias M\u00e9dicas de Campina Grande; Bacharel em Enfermagem, UNESC Faculdades; T\u00e9cnico de Enfermagem do Trabalho, Centro de Estudos Aplicados em Sa\u00fade; T\u00e9cnico de Enfermagem, Escola Paulista de Enfermagem; Auxiliar de Enfermagem, Escola Paulista de Enfermagem.<\/td>\n<\/tr>\n<\/tbody>\n<\/table>\n<p>&nbsp;<\/p>\n<table style=\"height: 236px;\" width=\"900\">\n<tbody>\n<tr>\n<td colspan=\"2\" width=\"581\">\n<h3><strong>Representa\u00e7\u00e3o Discente:<\/strong><\/h3>\n<\/td>\n<\/tr>\n<tr>\n<td width=\"176\"><img loading=\"lazy\" decoding=\"async\" class=\"wp-image-155 aligncenter img-responsive\" src=\"https:\/\/comissoes.uepb.edu.br\/ciast\/wp-content\/uploads\/sites\/5\/2020\/06\/jose-300x296.jpg\" alt=\"\" width=\"173\" height=\"170\" srcset=\"https:\/\/comissoes.uepb.edu.br\/ciast\/wp-content\/uploads\/sites\/5\/2020\/06\/jose-300x296.jpg 300w, https:\/\/comissoes.uepb.edu.br\/ciast\/wp-content\/uploads\/sites\/5\/2020\/06\/jose-370x365.jpg 370w, https:\/\/comissoes.uepb.edu.br\/ciast\/wp-content\/uploads\/sites\/5\/2020\/06\/jose.jpg 720w\" sizes=\"auto, (max-width: 173px) 100vw, 173px\" \/><\/td>\n<td width=\"405\"><strong>Jos\u00e9 Luanderson Oliveira Assis: <\/strong>Graduando do curso de Psicologia da UEPB.<\/td>\n<\/tr>\n<\/tbody>\n<\/table>\n","protected":false},"excerpt":{"rendered":"<p>&nbsp; Representa\u00e7\u00e3o Reitoria: Cl\u00e1udia Holanda Moreira: Possui gradua\u00e7\u00e3o em Fisioterapia pela Universidade Estadual da Para\u00edba (1994) e Mestrado interdisciplinar em sa\u00fade pela Universidade Estadual da Para\u00edba (2003). Atualmente \u00e9 docente do curso de Fisioterapia da Universidade Estadual da Para\u00edba. Tem experi\u00eancia na \u00e1rea de Fisioterapia autuando principalmente nas seguintes \u00e1reas: Sa\u00fade Coletiva, Ergonomia e sa\u00fade <a class=\"leiamais\" href=\"https:\/\/comissoes.uepb.edu.br\/ciast\/composicao\/\">Leia Mais&#8230;<\/a><\/p>\n","protected":false},"author":6,"featured_media":0,"parent":0,"menu_order":0,"comment_status":"closed","ping_status":"closed","template":"","meta":{"_acf_changed":false,"jetpack_post_was_ever_published":false,"footnotes":""},"class_list":["post-9","page","type-page","status-publish","hentry"],"acf":[],"jetpack_sharing_enabled":true,"jetpack_shortlink":"https:\/\/wp.me\/P7TtJV-9","_links":{"self":[{"href":"https:\/\/comissoes.uepb.edu.br\/ciast\/wp-json\/wp\/v2\/pages\/9","targetHints":{"allow":["GET"]}}],"collection":[{"href":"https:\/\/comissoes.uepb.edu.br\/ciast\/wp-json\/wp\/v2\/pages"}],"about":[{"href":"https:\/\/comissoes.uepb.edu.br\/ciast\/wp-json\/wp\/v2\/types\/page"}],"author":[{"embeddable":true,"href":"https:\/\/comissoes.uepb.edu.br\/ciast\/wp-json\/wp\/v2\/users\/6"}],"replies":[{"embeddable":true,"href":"https:\/\/comissoes.uepb.edu.br\/ciast\/wp-json\/wp\/v2\/comments?post=9"}],"version-history":[{"count":12,"href":"https:\/\/comissoes.uepb.edu.br\/ciast\/wp-json\/wp\/v2\/pages\/9\/revisions"}],"predecessor-version":[{"id":166,"href":"https:\/\/comissoes.uepb.edu.br\/ciast\/wp-json\/wp\/v2\/pages\/9\/revisions\/166"}],"wp:attachment":[{"href":"https:\/\/comissoes.uepb.edu.br\/ciast\/wp-json\/wp\/v2\/media?parent=9"}],"curies":[{"name":"wp","href":"https:\/\/api.w.org\/{rel}","templated":true}]}}