{"id":170,"date":"2020-06-24T13:00:10","date_gmt":"2020-06-24T16:00:10","guid":{"rendered":"https:\/\/comissoes.uepb.edu.br\/ciast\/?page_id=170"},"modified":"2020-06-24T13:00:10","modified_gmt":"2020-06-24T16:00:10","slug":"acoes-realizadas","status":"publish","type":"page","link":"https:\/\/comissoes.uepb.edu.br\/ciast\/acoes-realizadas\/","title":{"rendered":"A\u00e7\u00f5es Realizadas"},"content":{"rendered":"<ul>\n<li>Participa\u00e7\u00e3o na elabora\u00e7\u00e3o e monitoramento do Plano de Conting\u00eancia da Institui\u00e7\u00e3o;<\/li>\n<li>Composi\u00e7\u00e3o no Comit\u00ea de Conting\u00eancia e Crise Covid-19;<\/li>\n<li>Realiza\u00e7\u00e3o anual da \u00a0Campanha Abril Verde \u2013 campanha que busca alertar sobre os riscos de sa\u00fade e preven\u00e7\u00e3o de acidentes de trabalho.<\/li>\n<li>Participa\u00e7\u00e3o\u00a0 junto a \u00f3rg\u00e3os e institui\u00e7\u00f5es p\u00fablicas e privadas de Campina Grande, como o Centro de Refer\u00eancia em Sa\u00fade do Trabalhador (Cerest), o Centro Regional de Reabilita\u00e7\u00e3o e Assist\u00eancia em Sa\u00fade do Trabalhador (Cerast), Minist\u00e9rio P\u00fablico do Trabalho, al\u00e9m de universidades que, juntas, promovem uma caminhada anual, panfletagem educativas e outras a\u00e7\u00f5es de preven\u00e7\u00e3o a acidentes de trabalho e promo\u00e7\u00e3o a sa\u00fade.<\/li>\n<li>Realiza\u00e7\u00e3o do Semin\u00e1rio \u201cGest\u00e3o dos Riscos Ambientais: os riscos qu\u00edmicos nos laborat\u00f3rios da UEPB\u201d.\n<ul>\n<li>O semin\u00e1rio foi pensado com o objetivo de fazer uma avalia\u00e7\u00e3o sobre a gest\u00e3o dos riscos qu\u00edmicos na UEPB. O evento foi aberto com a mesa redonda \u201dRiscos Ambientais: riscos qu\u00edmicos nos bastidores\u201d, que teve como palestrante a professora Maria Bet\u00e2nia Gama dos Santos, engenheira de Seguran\u00e7a do Trabalho e professora da Universidade Federal de Campina Grande (UFCG).<\/li>\n<li>Falando para t\u00e9cnicos laboratoriais, a especialista abordou alguns aspectos referentes a gerenciamento dos riscos e as medidas que devem ser adotadas para evitar acidentes. Conforme pedido da CIAST, os representantes dos laborat\u00f3rios em funcionamento nos c\u00e2mpus da Institui\u00e7\u00e3o, presentes no evento, apresentaram um relat\u00f3rio contendo informa\u00e7\u00f5es sobre a situa\u00e7\u00e3o dos equipamentos.<\/li>\n<li>Apartir desse semin\u00e1rio foi criado um GT dos Riscos qu\u00edmicos da UEPB, o qual usou esses relat\u00f3rios para gerar um documento padr\u00e3o que contem normas e recomenda\u00e7\u00f5es para os laborat\u00f3rios da UEPB.<\/li>\n<\/ul>\n<\/li>\n<\/ul>\n<ul>\n<li>Realiza\u00e7\u00e3o do evento \u201c Sa\u00fade em movimento\u201d &#8211; Foram realizadas atividades desenvolvidas por projetos e programas da UEPB, como o Laborat\u00f3rio Itinerante (LABIT), programa de extens\u00e3o que envolve v\u00e1rios projetos oriundos dos cursos de Enfermagem, Odontologia, Servi\u00e7o Social, Farm\u00e1cia, Fisioterapia e Educa\u00e7\u00e3o F\u00edsica; e o N\u00facleo de Educa\u00e7\u00e3o e Aten\u00e7\u00e3o em Sa\u00fade (NEAS), entre outros. Al\u00e9m das a\u00e7\u00f5es de sa\u00fade, aconteceram atividades culturais, desenvolvidas por m\u00fasicos do Centro Art\u00edstico-Cultural da UEPB, e recita\u00e7\u00e3o de poesia pelo cordelista Josenildo Maria Lima.\n<ul>\n<li>Os servidores atendidos puderam fazer teste de monitoramento da frequ\u00eancia card\u00edaca, controle da press\u00e3o arterial, teste de glicemia capilar, verifica\u00e7\u00e3o do \u00edndice de massa corp\u00f3rea, al\u00e9m de receberem orienta\u00e7\u00e3o para acompanhamento nutricional. Tamb\u00e9m foram realizados teste de for\u00e7a muscular para coluna e m\u00e3os, orienta\u00e7\u00f5es posturais e massagens.<\/li>\n<\/ul>\n<\/li>\n<\/ul>\n<ul>\n<li>Realiza\u00e7\u00e3o do 2\u00b0 Semin\u00e1rio de Sa\u00fade do Trabalhador da UEPB com tema- \u201cAss\u00e9dio Moral no Setor P\u00fablico: perspectivas e desafios\u201d, que contou com a participa\u00e7\u00e3o dos professores Edmundo Gaud\u00eancio e Fl\u00e1vio Romero Guimar\u00e3es, al\u00e9m de representantes da Associa\u00e7\u00e3o de Docentes (ADUEPB) e do Sindicato dos Trabalhadores em Ensino Superior (SINTESPB);<\/li>\n<\/ul>\n<ul>\n<li>Realiza\u00e7\u00e3o do 1\u00b0 Semin\u00e1rio de Sa\u00fade do Trabalhador da UEPB com as mesas redondas que tiveram os seguintes temas: \u00a0\u201cCrise do capital, precariza\u00e7\u00e3o do trabalho e os impactos na sa\u00fade no servi\u00e7o p\u00fablico: perspectivas e desafios\u201d e \u201cAss\u00e9dio moral nas rela\u00e7\u00f5es cotidianas de trabalho\u201d, compostas por docentes e t\u00e9cnicos administrativos da UEPB, Procuradoria do Minist\u00e9rio P\u00fablico do Trabalho, Superintend\u00eancia Regional do Trabalho e Emprego e representantes de sindicatos;<\/li>\n<\/ul>\n","protected":false},"excerpt":{"rendered":"<p>Participa\u00e7\u00e3o na elabora\u00e7\u00e3o e monitoramento do Plano de Conting\u00eancia da Institui\u00e7\u00e3o; Composi\u00e7\u00e3o no Comit\u00ea de Conting\u00eancia e Crise Covid-19; Realiza\u00e7\u00e3o anual da \u00a0Campanha Abril Verde \u2013 campanha que busca alertar sobre os riscos de sa\u00fade e preven\u00e7\u00e3o de acidentes de trabalho. Participa\u00e7\u00e3o\u00a0 junto a \u00f3rg\u00e3os e institui\u00e7\u00f5es p\u00fablicas e privadas de Campina Grande, como o <a class=\"leiamais\" href=\"https:\/\/comissoes.uepb.edu.br\/ciast\/acoes-realizadas\/\">Leia Mais&#8230;<\/a><\/p>\n","protected":false},"author":13,"featured_media":0,"parent":0,"menu_order":0,"comment_status":"closed","ping_status":"closed","template":"","meta":{"_acf_changed":false,"jetpack_post_was_ever_published":false,"footnotes":""},"class_list":["post-170","page","type-page","status-publish","hentry"],"acf":[],"jetpack_sharing_enabled":true,"jetpack_shortlink":"https:\/\/wp.me\/P7TtJV-2K","_links":{"self":[{"href":"https:\/\/comissoes.uepb.edu.br\/ciast\/wp-json\/wp\/v2\/pages\/170","targetHints":{"allow":["GET"]}}],"collection":[{"href":"https:\/\/comissoes.uepb.edu.br\/ciast\/wp-json\/wp\/v2\/pages"}],"about":[{"href":"https:\/\/comissoes.uepb.edu.br\/ciast\/wp-json\/wp\/v2\/types\/page"}],"author":[{"embeddable":true,"href":"https:\/\/comissoes.uepb.edu.br\/ciast\/wp-json\/wp\/v2\/users\/13"}],"replies":[{"embeddable":true,"href":"https:\/\/comissoes.uepb.edu.br\/ciast\/wp-json\/wp\/v2\/comments?post=170"}],"version-history":[{"count":1,"href":"https:\/\/comissoes.uepb.edu.br\/ciast\/wp-json\/wp\/v2\/pages\/170\/revisions"}],"predecessor-version":[{"id":172,"href":"https:\/\/comissoes.uepb.edu.br\/ciast\/wp-json\/wp\/v2\/pages\/170\/revisions\/172"}],"wp:attachment":[{"href":"https:\/\/comissoes.uepb.edu.br\/ciast\/wp-json\/wp\/v2\/media?parent=170"}],"curies":[{"name":"wp","href":"https:\/\/api.w.org\/{rel}","templated":true}]}}