{"id":143,"date":"2020-06-24T12:28:12","date_gmt":"2020-06-24T15:28:12","guid":{"rendered":"https:\/\/comissoes.uepb.edu.br\/ciast\/?page_id=143"},"modified":"2020-06-24T12:28:12","modified_gmt":"2020-06-24T15:28:12","slug":"competencias","status":"publish","type":"page","link":"https:\/\/comissoes.uepb.edu.br\/ciast\/competencias\/","title":{"rendered":"Compet\u00eancias"},"content":{"rendered":"<p><strong>O que fazemos?\u00a0<\/strong><\/p>\n<ul>\n<li>Atuar nos tr\u00eas n\u00edveis de aten\u00e7\u00e3o de sa\u00fade e seguran\u00e7a do trabalho: preven\u00e7\u00e3o, promo\u00e7\u00e3o e reabilita\u00e7\u00e3o;<\/li>\n<li>Sensibilizar os segmentos que comp\u00f5em a Institui\u00e7\u00e3o para preven\u00e7\u00e3o de acidentes e de doen\u00e7as ocupacionais;<\/li>\n<li>Organizar, juntamente com o setor sa\u00fade do Trabalhador da PROGEP,\u00a0 cursos, treinamentos e campanhas necess\u00e1rios para promover a sa\u00fade e seguran\u00e7a do trabalho, dos segmentos dessa Institui\u00e7\u00e3o;<\/li>\n<li>Acompanhar, juntamente com o setor sa\u00fade do Trabalhador da PROGEP, o registro dos acidentes de trabalho e promover a\u00e7\u00f5es preventivas;<\/li>\n<li>Analisar, juntamente com o setor sa\u00fade do Trabalhador da PROGEP, causas, circunst\u00e2ncias e conseq\u00fc\u00eancias de acidentes e de doen\u00e7as ocupacionais, em conjunto com o setor envolvido, acompanhando a execu\u00e7\u00e3o das medidas corretivas;<\/li>\n<li>Requerer, em car\u00e1ter especial e de urg\u00eancia, a abertura de sindic\u00e2ncia para apurar causas de acidentes, danos ou agravos \u00e0 sa\u00fade dos segmentos dessa Institui\u00e7\u00e3o;<\/li>\n<li>Promover a divulga\u00e7\u00e3o e zelar pela observ\u00e2ncia das normas vigentes relacionadas de sa\u00fade e seguran\u00e7a do trabalho, bem como de regulamentos ou instrumentos de servi\u00e7o relacionados \u00e0 Sa\u00fade do trabalhador, emitidos pela Institui\u00e7\u00e3o;<\/li>\n<li>Realizar por iniciativa pr\u00f3pria, da Equipe Multiprofissional, Interdisciplinar e Intersetorial ou quando houver denuncia de risco, inspe\u00e7\u00f5es em conjunto com o Setor Sa\u00fade do Trabalhador da PROGEP, nas depend\u00eancias da Institui\u00e7\u00e3o, dando conhecimento dos riscos encontrados e propondo as medidas de interven\u00e7\u00e3o cab\u00edveis \u00e0 administra\u00e7\u00e3o superior;<\/li>\n<li>Solicitar, quando necess\u00e1rio, do Setor Sa\u00fade do Trabalhador da PROGEP, per\u00edcias, inspe\u00e7\u00f5es e visitas t\u00e9cnicas decorrentes de processos administrativos que versem sobre quest\u00f5es relacionadas \u00e0 sa\u00fade do trabalhador;<\/li>\n<li>Solicitar da administra\u00e7\u00e3o superior e ao Setor Sa\u00fade do Trabalhador da PROGEP, com base em laudo t\u00e9cnico pericial, a implanta\u00e7\u00e3o imediata de medidas preventivas e at\u00e9 a interdi\u00e7\u00e3o de locais considerados inadequados ao trabalho dos segmentos dessa Institui\u00e7\u00e3o;<\/li>\n<li>Acompanhar os programas de sa\u00fade do trabalhador como: PPRA (Programa de Preven\u00e7\u00e3o de Riscos Ambientais), PCMSO (Programa de Controle M\u00e9dico de Sa\u00fade Ocupacional), LTCAT (Laudo T\u00e9cnico das Condi\u00e7\u00f5es Ambientais de Trabalho), dentre outros;<\/li>\n<\/ul>\n","protected":false},"excerpt":{"rendered":"<p>O que fazemos?\u00a0 Atuar nos tr\u00eas n\u00edveis de aten\u00e7\u00e3o de sa\u00fade e seguran\u00e7a do trabalho: preven\u00e7\u00e3o, promo\u00e7\u00e3o e reabilita\u00e7\u00e3o; Sensibilizar os segmentos que comp\u00f5em a Institui\u00e7\u00e3o para preven\u00e7\u00e3o de acidentes e de doen\u00e7as ocupacionais; Organizar, juntamente com o setor sa\u00fade do Trabalhador da PROGEP,\u00a0 cursos, treinamentos e campanhas necess\u00e1rios para promover a sa\u00fade e seguran\u00e7a <a class=\"leiamais\" href=\"https:\/\/comissoes.uepb.edu.br\/ciast\/competencias\/\">Leia Mais&#8230;<\/a><\/p>\n","protected":false},"author":13,"featured_media":0,"parent":0,"menu_order":0,"comment_status":"closed","ping_status":"closed","template":"","meta":{"_acf_changed":false,"jetpack_post_was_ever_published":false,"footnotes":""},"class_list":["post-143","page","type-page","status-publish","hentry"],"acf":[],"jetpack_sharing_enabled":true,"jetpack_shortlink":"https:\/\/wp.me\/P7TtJV-2j","_links":{"self":[{"href":"https:\/\/comissoes.uepb.edu.br\/ciast\/wp-json\/wp\/v2\/pages\/143","targetHints":{"allow":["GET"]}}],"collection":[{"href":"https:\/\/comissoes.uepb.edu.br\/ciast\/wp-json\/wp\/v2\/pages"}],"about":[{"href":"https:\/\/comissoes.uepb.edu.br\/ciast\/wp-json\/wp\/v2\/types\/page"}],"author":[{"embeddable":true,"href":"https:\/\/comissoes.uepb.edu.br\/ciast\/wp-json\/wp\/v2\/users\/13"}],"replies":[{"embeddable":true,"href":"https:\/\/comissoes.uepb.edu.br\/ciast\/wp-json\/wp\/v2\/comments?post=143"}],"version-history":[{"count":1,"href":"https:\/\/comissoes.uepb.edu.br\/ciast\/wp-json\/wp\/v2\/pages\/143\/revisions"}],"predecessor-version":[{"id":145,"href":"https:\/\/comissoes.uepb.edu.br\/ciast\/wp-json\/wp\/v2\/pages\/143\/revisions\/145"}],"wp:attachment":[{"href":"https:\/\/comissoes.uepb.edu.br\/ciast\/wp-json\/wp\/v2\/media?parent=143"}],"curies":[{"name":"wp","href":"https:\/\/api.w.org\/{rel}","templated":true}]}}